{"id":24257,"date":"2025-09-09T16:24:44","date_gmt":"2025-09-09T14:24:44","guid":{"rendered":"https:\/\/www.lacroixvalmertourisme.com\/?page_id=24257"},"modified":"2025-10-10T17:17:43","modified_gmt":"2025-10-10T15:17:43","slug":"blog","status":"publish","type":"page","link":"https:\/\/www.lacroixvalmertourisme.com\/fr\/blog","title":{"rendered":"Blog"},"content":{"rendered":"\n<div class=\"wp-block-group alignwide is-layout-constrained wp-block-group-is-layout-constrained\">\n<div class=\"wp-block-query alignwide is-layout-flow wp-block-query-is-layout-flow\"><ul class=\"columns-2 alignfull wp-block-post-template is-layout-grid wp-container-core-post-template-is-layout-b8ceaeaf wp-block-post-template-is-layout-grid\"><li class=\"wp-block-post post-28487 post type-post status-publish format-standard has-post-thumbnail hentry category-blog\">\n\n<div class=\"wp-block-cover has-custom-content-position is-position-bottom-left\" style=\"padding-top:var(--wp--preset--spacing--60);padding-right:var(--wp--preset--spacing--60);padding-bottom:var(--wp--preset--spacing--60);padding-left:var(--wp--preset--spacing--60)\"><span aria-hidden=\"true\" class=\"wp-block-cover__background has-background-dim-60 has-background-dim wp-block-cover__gradient-background has-background-gradient has-bg-gradient-to-black-bottom-gradient-background\"><\/span><img loading=\"lazy\" decoding=\"async\" width=\"1280\" height=\"1024\" src=\"https:\/\/www.lacroixvalmertourisme.com\/wp-content\/uploads\/2026\/04\/1000000712-1280x1024.webp\" class=\"wp-block-cover__image-background not-transparent wp-post-image\" alt=\"\u00a9lacroixvalmertourisme\" data-object-fit=\"cover\" data-has-transparency=\"false\" data-dominant-color=\"7b8684\" style=\"--dominant-color: #7b8684;\" \/><div class=\"wp-block-cover__inner-container is-layout-constrained wp-container-core-cover-is-layout-11859842 wp-block-cover-is-layout-constrained\"><h2 class=\"wp-block-post-title\"><a href=\"https:\/\/www.lacroixvalmertourisme.com\/fr\/vins-velo-et-paysages-mon-itineraire-oenotouristique-a-la-croix-valmer\" target=\"_self\" >Vins, v\u00e9lo et paysages : mon itin\u00e9raire \u0153notouristique \u00e0 La Croix Valmer<\/a><\/h2><\/div><\/div>\n\n<\/li><li class=\"wp-block-post post-26508 post type-post status-publish format-standard has-post-thumbnail hentry category-blog\">\n\n<div class=\"wp-block-cover has-custom-content-position is-position-bottom-left\" style=\"padding-top:var(--wp--preset--spacing--60);padding-right:var(--wp--preset--spacing--60);padding-bottom:var(--wp--preset--spacing--60);padding-left:var(--wp--preset--spacing--60)\"><span aria-hidden=\"true\" class=\"wp-block-cover__background has-background-dim-60 has-background-dim wp-block-cover__gradient-background has-background-gradient has-bg-gradient-to-black-bottom-gradient-background\"><\/span><img loading=\"lazy\" decoding=\"async\" width=\"1280\" height=\"810\" src=\"https:\/\/www.lacroixvalmertourisme.com\/wp-content\/uploads\/2026\/01\/dummy-1280x810.webp\" class=\"wp-block-cover__image-background not-transparent wp-post-image\" alt=\"Lieu de d\u00e9part de la course \u00e0 v\u00e9lo de route, l&#039;arche gonflable d\u00e9limite la ligne de d\u00e9part et beaucoup de cyclistes attendent de pouvoir s&#039;\u00e9lancer sur les routes du golfe. C&#039;est au coeur de La Croix Valmer, des supporters sont venu les soutenir.\" data-object-fit=\"cover\" data-has-transparency=\"false\" data-dominant-color=\"686b66\" style=\"--dominant-color: #686b66;\" \/><div class=\"wp-block-cover__inner-container is-layout-constrained wp-container-core-cover-is-layout-11859842 wp-block-cover-is-layout-constrained\"><h2 class=\"wp-block-post-title\"><a href=\"https:\/\/www.lacroixvalmertourisme.com\/fr\/portrait-tour-du-golfe\" target=\"_self\" >Portrait Tour du Golfe<\/a><\/h2><\/div><\/div>\n\n<\/li><li class=\"wp-block-post post-26283 post type-post status-publish format-standard has-post-thumbnail hentry category-blog\">\n\n<div class=\"wp-block-cover has-custom-content-position is-position-bottom-left\" style=\"padding-top:var(--wp--preset--spacing--60);padding-right:var(--wp--preset--spacing--60);padding-bottom:var(--wp--preset--spacing--60);padding-left:var(--wp--preset--spacing--60)\"><span aria-hidden=\"true\" class=\"wp-block-cover__background has-background-dim-60 has-background-dim wp-block-cover__gradient-background has-background-gradient has-bg-gradient-to-black-bottom-gradient-background\"><\/span><img loading=\"lazy\" decoding=\"async\" width=\"1280\" height=\"1024\" src=\"https:\/\/www.lacroixvalmertourisme.com\/wp-content\/uploads\/2025\/12\/PXL_20251023_121521436.MP_-1280x1024.webp\" class=\"wp-block-cover__image-background not-transparent wp-post-image\" alt=\"Camions du Services Techniques de La Croix Valmer en plein Montage du D\u00e9cors de No\u00ebl 2025 dans la rue commer\u00e7ante du village.\" data-object-fit=\"cover\" data-has-transparency=\"false\" data-dominant-color=\"82868a\" style=\"--dominant-color: #82868a;\" \/><div class=\"wp-block-cover__inner-container is-layout-constrained wp-container-core-cover-is-layout-11859842 wp-block-cover-is-layout-constrained\"><h2 class=\"wp-block-post-title\"><a href=\"https:\/\/www.lacroixvalmertourisme.com\/fr\/les-carnets-de-noel-a-la-croix-valmer\" target=\"_self\" >Les Carnets de No\u00ebl \u00e0 La Croix Valmer<\/a><\/h2><\/div><\/div>\n\n<\/li><li class=\"wp-block-post post-26089 post type-post status-publish format-standard has-post-thumbnail hentry category-blog\">\n\n<div class=\"wp-block-cover has-custom-content-position is-position-bottom-left\" style=\"padding-top:var(--wp--preset--spacing--60);padding-right:var(--wp--preset--spacing--60);padding-bottom:var(--wp--preset--spacing--60);padding-left:var(--wp--preset--spacing--60)\"><span aria-hidden=\"true\" class=\"wp-block-cover__background has-background-dim-60 has-background-dim wp-block-cover__gradient-background has-background-gradient has-bg-gradient-to-black-bottom-gradient-background\"><\/span><img loading=\"lazy\" decoding=\"async\" width=\"1280\" height=\"1024\" src=\"https:\/\/www.lacroixvalmertourisme.com\/wp-content\/uploads\/2025\/12\/Orangeraie-Photo-Bernard-GIANI5-2-1280x1024.webp\" class=\"wp-block-cover__image-background not-transparent wp-post-image\" alt=\"Vue d&#039;ensemble de l&#039;h\u00f4tel de l&#039;Orangeraie o\u00f9 il est possible d&#039;observer la jolie toiture d&#039;\u00e9poque ainsi que son magnifique jardin bien entretenu avec fontaine et palmier. La piscine de l&#039;h\u00f4tel est \u00e9galement bien visible, entour\u00e9e de transats ainsi que de table du restaurant.\" data-object-fit=\"cover\" data-has-transparency=\"false\" data-dominant-color=\"7d8165\" style=\"--dominant-color: #7d8165;\" \/><div class=\"wp-block-cover__inner-container is-layout-constrained wp-container-core-cover-is-layout-11859842 wp-block-cover-is-layout-constrained\"><h2 class=\"wp-block-post-title\"><a href=\"https:\/\/www.lacroixvalmertourisme.com\/fr\/hotel-lorangeraie-4\" target=\"_self\" >H\u00f4tel L&rsquo;Orangeraie 4*<\/a><\/h2><\/div><\/div>\n\n<\/li><li class=\"wp-block-post post-25534 post type-post status-publish format-standard has-post-thumbnail hentry category-blog\">\n\n<div class=\"wp-block-cover has-custom-content-position is-position-bottom-left\" style=\"padding-top:var(--wp--preset--spacing--60);padding-right:var(--wp--preset--spacing--60);padding-bottom:var(--wp--preset--spacing--60);padding-left:var(--wp--preset--spacing--60)\"><span aria-hidden=\"true\" class=\"wp-block-cover__background has-background-dim-60 has-background-dim wp-block-cover__gradient-background has-background-gradient has-bg-gradient-to-black-bottom-gradient-background\"><\/span><img loading=\"lazy\" decoding=\"async\" width=\"1280\" height=\"1024\" src=\"https:\/\/www.lacroixvalmertourisme.com\/wp-content\/uploads\/2025\/11\/Lily-of-the-Valley_La-Brigantine-5-1280x1024.webp\" class=\"wp-block-cover__image-background not-transparent wp-post-image\" alt=\"Phot de la terasse du Restaurant La Brigantine au sein de l&#039;H\u00f4tel Lily of the Valley. La d\u00e9coration est tr\u00e8s color\u00e9e, les tables sont dress\u00e9es avec de la jolie vaisselle. C&#039;est un d\u00e9cor tr\u00e8s proven\u00e7al avec la mer au fond.\" data-object-fit=\"cover\" data-has-transparency=\"false\" data-dominant-color=\"674a32\" style=\"--dominant-color: #674a32;\" \/><div class=\"wp-block-cover__inner-container is-layout-constrained wp-container-core-cover-is-layout-11859842 wp-block-cover-is-layout-constrained\"><h2 class=\"wp-block-post-title\"><a href=\"https:\/\/www.lacroixvalmertourisme.com\/fr\/special-restaurants-ouverts-a-lannee\" target=\"_self\" >Sp\u00e9cial Restaurants ouverts \u00e0 l\u2019ann\u00e9e<\/a><\/h2><\/div><\/div>\n\n<\/li><li class=\"wp-block-post post-25295 post type-post status-publish format-standard has-post-thumbnail hentry category-blog\">\n\n<div class=\"wp-block-cover has-custom-content-position is-position-bottom-left\" style=\"padding-top:var(--wp--preset--spacing--60);padding-right:var(--wp--preset--spacing--60);padding-bottom:var(--wp--preset--spacing--60);padding-left:var(--wp--preset--spacing--60)\"><span aria-hidden=\"true\" class=\"wp-block-cover__background has-background-dim-60 has-background-dim wp-block-cover__gradient-background has-background-gradient has-bg-gradient-to-black-bottom-gradient-background\"><\/span><img loading=\"lazy\" decoding=\"async\" width=\"1280\" height=\"1024\" src=\"https:\/\/www.lacroixvalmertourisme.com\/wp-content\/uploads\/2025\/11\/7340182-1280x1024.webp\" class=\"wp-block-cover__image-background not-transparent wp-post-image\" alt=\"Un homme allong\u00e9 sur une table de massage avec une serviette blanche recevant un soin bien-\u00eatre par un professionnel en tenue dans un spa\" data-object-fit=\"cover\" data-has-transparency=\"false\" data-dominant-color=\"6f5740\" style=\"--dominant-color: #6f5740;\" \/><div class=\"wp-block-cover__inner-container is-layout-constrained wp-container-core-cover-is-layout-11859842 wp-block-cover-is-layout-constrained\"><h2 class=\"wp-block-post-title\"><a href=\"https:\/\/www.lacroixvalmertourisme.com\/fr\/special-bien-etre-spa-et-wellness\" target=\"_self\" >Sp\u00e9cial Bien-\u00eatre : Spa et Wellness<\/a><\/h2><\/div><\/div>\n\n<\/li><li class=\"wp-block-post post-25225 post type-post status-publish format-standard has-post-thumbnail hentry category-blog\">\n\n<div class=\"wp-block-cover has-custom-content-position is-position-bottom-left\" style=\"padding-top:var(--wp--preset--spacing--60);padding-right:var(--wp--preset--spacing--60);padding-bottom:var(--wp--preset--spacing--60);padding-left:var(--wp--preset--spacing--60)\"><span aria-hidden=\"true\" class=\"wp-block-cover__background has-background-dim-60 has-background-dim wp-block-cover__gradient-background has-background-gradient has-bg-gradient-to-black-bottom-gradient-background\"><\/span><img loading=\"lazy\" decoding=\"async\" width=\"1280\" height=\"1024\" src=\"https:\/\/www.lacroixvalmertourisme.com\/wp-content\/uploads\/2025\/11\/Brunch-Les-Saisonniers-1280x1024.webp\" class=\"wp-block-cover__image-background not-transparent wp-post-image\" alt=\"Table gourmande avec diff\u00e9rentes assiettes qui composent un brunch avec des boissons comme du caf\u00e9 et du jus, des c\u00e9r\u00e9ales avec du yaourt, des viennoiseries, du pain, des salades, des fruits...\" data-object-fit=\"cover\" data-has-transparency=\"false\" data-dominant-color=\"978370\" style=\"--dominant-color: #978370;\" \/><div class=\"wp-block-cover__inner-container is-layout-constrained wp-container-core-cover-is-layout-11859842 wp-block-cover-is-layout-constrained\"><h2 class=\"wp-block-post-title\"><a href=\"https:\/\/www.lacroixvalmertourisme.com\/fr\/special-brunch-et-petit-dejeuner\" target=\"_self\" >Sp\u00e9cial Brunch et Petit-D\u00e9jeuner<\/a><\/h2><\/div><\/div>\n\n<\/li><li class=\"wp-block-post post-24728 post type-post status-publish format-standard has-post-thumbnail hentry category-blog\">\n\n<div class=\"wp-block-cover has-custom-content-position is-position-bottom-left\" style=\"padding-top:var(--wp--preset--spacing--60);padding-right:var(--wp--preset--spacing--60);padding-bottom:var(--wp--preset--spacing--60);padding-left:var(--wp--preset--spacing--60)\"><span aria-hidden=\"true\" class=\"wp-block-cover__background has-background-dim-60 has-background-dim wp-block-cover__gradient-background has-background-gradient has-bg-gradient-to-black-bottom-gradient-background\"><\/span><img loading=\"lazy\" decoding=\"async\" width=\"600\" height=\"315\" src=\"https:\/\/www.lacroixvalmertourisme.com\/wp-content\/uploads\/2025\/10\/90fc80c8675636a2303f8ded0ca3cd-123b8.webp\" class=\"wp-block-cover__image-background not-transparent wp-post-image\" alt=\"Banc de dauphins nageant vers le fond de l&#039;oc\u00e9an\" data-object-fit=\"cover\"   data-has-transparency=\"false\" data-dominant-color=\"2a689e\" style=\"--dominant-color: #2a689e;\" \/><div class=\"wp-block-cover__inner-container is-layout-constrained wp-container-core-cover-is-layout-11859842 wp-block-cover-is-layout-constrained\"><h2 class=\"wp-block-post-title\"><a href=\"https:\/\/www.lacroixvalmertourisme.com\/fr\/portrair-journee-mer-herle-jouon\" target=\"_self\" >Portrait Journ\u00e9e de la mer n\u00b02<\/a><\/h2><\/div><\/div>\n\n<\/li><li class=\"wp-block-post post-24631 post type-post status-publish format-standard has-post-thumbnail hentry category-blog\">\n\n<div class=\"wp-block-cover has-custom-content-position is-position-bottom-left\" style=\"padding-top:var(--wp--preset--spacing--60);padding-right:var(--wp--preset--spacing--60);padding-bottom:var(--wp--preset--spacing--60);padding-left:var(--wp--preset--spacing--60)\"><span aria-hidden=\"true\" class=\"wp-block-cover__background has-background-dim-60 has-background-dim wp-block-cover__gradient-background has-background-gradient has-bg-gradient-to-black-bottom-gradient-background\"><\/span><img loading=\"lazy\" decoding=\"async\" width=\"768\" height=\"1024\" src=\"https:\/\/www.lacroixvalmertourisme.com\/wp-content\/uploads\/2025\/10\/PNPC_014035_BD.webp\" class=\"wp-block-cover__image-background not-transparent wp-post-image\" alt=\"Vue panoramique depuis les \u00eeles du Parc National de Port-Cros. La photo est prise depuis une fondation qui donne une jolie vue sur la for\u00eat bien verte du littoral ainsi que sur la mer compos\u00e9e de diff\u00e9rents bleus. Quatre bateaux sont sur l&#039;eau sous un ciel parfaitement bleu\" data-object-fit=\"cover\"   data-has-transparency=\"false\" data-dominant-color=\"437392\" style=\"--dominant-color: #437392;\" \/><div class=\"wp-block-cover__inner-container is-layout-constrained wp-container-core-cover-is-layout-11859842 wp-block-cover-is-layout-constrained\"><h2 class=\"wp-block-post-title\"><a href=\"https:\/\/www.lacroixvalmertourisme.com\/fr\/portrait-journee-mer-virginie-pnpc\" target=\"_self\" >Portrait Journ\u00e9e de la mer n\u00b01<\/a><\/h2><\/div><\/div>\n\n<\/li><li class=\"wp-block-post post-24306 post type-post status-publish format-standard has-post-thumbnail hentry category-blog\">\n\n<div class=\"wp-block-cover has-custom-content-position is-position-bottom-left\" style=\"padding-top:var(--wp--preset--spacing--60);padding-right:var(--wp--preset--spacing--60);padding-bottom:var(--wp--preset--spacing--60);padding-left:var(--wp--preset--spacing--60)\"><span aria-hidden=\"true\" class=\"wp-block-cover__background has-background-dim-60 has-background-dim wp-block-cover__gradient-background has-background-gradient has-bg-gradient-to-black-bottom-gradient-background\"><\/span><img loading=\"lazy\" decoding=\"async\" width=\"1080\" height=\"1024\" src=\"https:\/\/www.lacroixvalmertourisme.com\/wp-content\/uploads\/2025\/09\/1-1080x1024.png\" class=\"wp-block-cover__image-background wp-post-image\" alt=\"Photo d&#039;une affiche r\u00e9alis\u00e9e par Les Editions Bisous. C&#039;est un dessin de la plage Sylvabelle de la Croix Valmer\" data-object-fit=\"cover\" \/><div class=\"wp-block-cover__inner-container is-layout-constrained wp-container-core-cover-is-layout-11859842 wp-block-cover-is-layout-constrained\"><h2 class=\"wp-block-post-title\"><a href=\"https:\/\/www.lacroixvalmertourisme.com\/fr\/rencontre-avec-audrey-fondatrice-des-editions-bisous\" target=\"_self\" >Rencontre avec Audrey &#8211; Fondatrice des \u00c9ditions Bisous<\/a><\/h2><\/div><\/div>\n\n<\/li><li class=\"wp-block-post post-24299 post type-post status-publish format-standard has-post-thumbnail hentry category-blog\">\n\n<div class=\"wp-block-cover has-custom-content-position is-position-bottom-left\" style=\"padding-top:var(--wp--preset--spacing--60);padding-right:var(--wp--preset--spacing--60);padding-bottom:var(--wp--preset--spacing--60);padding-left:var(--wp--preset--spacing--60)\"><span aria-hidden=\"true\" class=\"wp-block-cover__background has-background-dim-60 has-background-dim wp-block-cover__gradient-background has-background-gradient has-bg-gradient-to-black-bottom-gradient-background\"><\/span><img loading=\"lazy\" decoding=\"async\" width=\"800\" height=\"526\" src=\"https:\/\/www.lacroixvalmertourisme.com\/wp-content\/uploads\/2025\/09\/Photo-Jeremy-Fel-Copyright-Philippe-Matsas-2021-2024-crop-1.webp\" class=\"wp-block-cover__image-background wp-post-image\" alt=\"Photographie de l&#039;auteur Jeremy Fel, il a les bras crois\u00e9s et le regard per\u00e7ant. Il porte une veste en cuir noire et une chemise blanche, il est pos\u00e9 devant un fond gris\" data-object-fit=\"cover\"   \/><div class=\"wp-block-cover__inner-container is-layout-constrained wp-container-core-cover-is-layout-11859842 wp-block-cover-is-layout-constrained\"><h2 class=\"wp-block-post-title\"><a href=\"https:\/\/www.lacroixvalmertourisme.com\/fr\/rencontre-avec-jeremy-fel-auteur-du-roman-malgre-toute-ma-rage\" target=\"_self\" >Rencontre avec J\u00e9r\u00e9my Fel \u2013 Auteur du roman Malgr\u00e9 toute ma rage<\/a><\/h2><\/div><\/div>\n\n<\/li><li class=\"wp-block-post post-24234 post type-post status-publish format-standard has-post-thumbnail hentry category-blog\">\n\n<div class=\"wp-block-cover has-custom-content-position is-position-bottom-left\" style=\"padding-top:var(--wp--preset--spacing--60);padding-right:var(--wp--preset--spacing--60);padding-bottom:var(--wp--preset--spacing--60);padding-left:var(--wp--preset--spacing--60)\"><span aria-hidden=\"true\" class=\"wp-block-cover__background has-background-dim-60 has-background-dim wp-block-cover__gradient-background has-background-gradient has-bg-gradient-to-black-bottom-gradient-background\"><\/span><img loading=\"lazy\" decoding=\"async\" width=\"1280\" height=\"1024\" src=\"https:\/\/www.lacroixvalmertourisme.com\/wp-content\/uploads\/2025\/09\/Elia-Kuhn-Photographe-2020-\uf020Sonia-au-Domaine-de-La-Croix\uf020-117-1280x1024.jpg\" class=\"wp-block-cover__image-background wp-post-image\" alt=\"Sonia Ferchaud de Beyond the Wine en robe rouge et gilet noir en train de d\u00e9guster un verre de vin rouge du Domaine de La Croix dans les jardins du domaine. Elle est assise face \u00e0 une barrique qui sert de table sur laquelle une bouteille de vin rouge est pos\u00e9e.\" data-object-fit=\"cover\" \/><div class=\"wp-block-cover__inner-container is-layout-constrained wp-container-core-cover-is-layout-11859842 wp-block-cover-is-layout-constrained\"><h2 class=\"wp-block-post-title\"><a href=\"https:\/\/www.lacroixvalmertourisme.com\/fr\/portrait-richesses-croisiennes-sonia-beyond-the-wine\" target=\"_self\" >Portrait Richesses Croisiennes N\u00b02<\/a><\/h2><\/div><\/div>\n\n<\/li><\/ul><\/div>\n<\/div>\n","protected":false},"excerpt":{"rendered":"","protected":false},"author":4,"featured_media":0,"parent":0,"menu_order":209,"comment_status":"closed","ping_status":"closed","template":"","meta":{"_acf_changed":false,"_crdt_document":"","footnotes":""},"class_list":["post-24257","page","type-page","status-publish","hentry"],"acf":{"title_alignement":"","slogan":"","introduction":"","autoplay":false,"delay":"","video_mp4":false,"video_webm":false,"poster_image":false,"nugget":false,"mots-cles":"","pagepage-etendus":"none","pagepage-updown":false,"page-virtuelle":false},"yoast_head":"<!-- This site is optimized with the Yoast SEO plugin v27.5 - https:\/\/yoast.com\/product\/yoast-seo-wordpress\/ -->\n<title>Blog - La Croix-Valmer Tourisme<\/title>\n<meta name=\"robots\" content=\"index, follow, max-snippet:-1, max-image-preview:large, max-video-preview:-1\" \/>\n<link rel=\"canonical\" href=\"https:\/\/www.lacroixvalmertourisme.com\/fr\/blog\" \/>\n<meta property=\"og:locale\" content=\"fr_FR\" \/>\n<meta property=\"og:type\" content=\"article\" \/>\n<meta property=\"og:title\" content=\"Blog - La Croix-Valmer Tourisme\" \/>\n<meta property=\"og:url\" content=\"https:\/\/www.lacroixvalmertourisme.com\/fr\/blog\" \/>\n<meta property=\"og:site_name\" content=\"La Croix-Valmer Tourisme\" \/>\n<meta property=\"article:publisher\" content=\"https:\/\/www.facebook.com\/lacroixvalmertourisme\/\" \/>\n<meta property=\"article:modified_time\" content=\"2025-10-10T15:17:43+00:00\" \/>\n<meta name=\"twitter:card\" content=\"summary_large_image\" \/>\n<meta name=\"twitter:site\" content=\"@La_Croix_Valmer\" \/>\n<!-- \/ Yoast SEO plugin. -->","yoast_head_json":{"title":"Blog - La Croix-Valmer Tourisme","robots":{"index":"index","follow":"follow","max-snippet":"max-snippet:-1","max-image-preview":"max-image-preview:large","max-video-preview":"max-video-preview:-1"},"canonical":"https:\/\/www.lacroixvalmertourisme.com\/fr\/blog","og_locale":"fr_FR","og_type":"article","og_title":"Blog - La Croix-Valmer Tourisme","og_url":"https:\/\/www.lacroixvalmertourisme.com\/fr\/blog","og_site_name":"La Croix-Valmer Tourisme","article_publisher":"https:\/\/www.facebook.com\/lacroixvalmertourisme\/","article_modified_time":"2025-10-10T15:17:43+00:00","twitter_card":"summary_large_image","twitter_site":"@La_Croix_Valmer","schema":{"@context":"https:\/\/schema.org","@graph":[{"@type":"WebPage","@id":"https:\/\/www.lacroixvalmertourisme.com\/fr\/blog","url":"https:\/\/www.lacroixvalmertourisme.com\/fr\/blog","name":"Blog - La Croix-Valmer Tourisme","isPartOf":{"@id":"https:\/\/www.lacroixvalmertourisme.com\/fr\/#website"},"datePublished":"2025-09-09T14:24:44+00:00","dateModified":"2025-10-10T15:17:43+00:00","breadcrumb":{"@id":"https:\/\/www.lacroixvalmertourisme.com\/fr\/blog#breadcrumb"},"inLanguage":"fr-FR","potentialAction":[{"@type":"ReadAction","target":["https:\/\/www.lacroixvalmertourisme.com\/fr\/blog"]}]},{"@type":"BreadcrumbList","@id":"https:\/\/www.lacroixvalmertourisme.com\/fr\/blog#breadcrumb","itemListElement":[{"@type":"ListItem","position":1,"name":"Accueil","item":"https:\/\/www.lacroixvalmertourisme.com\/fr"},{"@type":"ListItem","position":2,"name":"Blog"}]},{"@type":"WebSite","@id":"https:\/\/www.lacroixvalmertourisme.com\/fr\/#website","url":"https:\/\/www.lacroixvalmertourisme.com\/fr\/","name":"La Croix-Valmer Tourisme","description":"Toutes les informations touristiques pour organiser votre prochain s\u00e9jour \u00e0 La Croix Valmer dans le Golfe de Saint-Tropez","publisher":{"@id":"https:\/\/www.lacroixvalmertourisme.com\/fr\/#organization"},"potentialAction":[{"@type":"SearchAction","target":{"@type":"EntryPoint","urlTemplate":"https:\/\/www.lacroixvalmertourisme.com\/fr\/?s={search_term_string}"},"query-input":{"@type":"PropertyValueSpecification","valueRequired":true,"valueName":"search_term_string"}}],"inLanguage":"fr-FR"},{"@type":"Organization","@id":"https:\/\/www.lacroixvalmertourisme.com\/fr\/#organization","name":"Office de Tourisme de La Croix Valmer","url":"https:\/\/www.lacroixvalmertourisme.com\/fr\/","logo":{"@type":"ImageObject","inLanguage":"fr-FR","@id":"https:\/\/www.lacroixvalmertourisme.com\/fr\/#\/schema\/logo\/image\/","url":"https:\/\/www.lacroixvalmertourisme.com\/wp-content\/uploads\/2021\/06\/Logo_ot_bleu.png","contentUrl":"https:\/\/www.lacroixvalmertourisme.com\/wp-content\/uploads\/2021\/06\/Logo_ot_bleu.png","width":591,"height":454,"caption":"Office de Tourisme de La Croix Valmer"},"image":{"@id":"https:\/\/www.lacroixvalmertourisme.com\/fr\/#\/schema\/logo\/image\/"},"sameAs":["https:\/\/www.facebook.com\/lacroixvalmertourisme\/","https:\/\/x.com\/La_Croix_Valmer","https:\/\/www.instagram.com\/lacroixvalmer_tourisme\/"]}]}},"publishpress_future_workflow_manual_trigger":{"enabledWorkflows":[]},"_links":{"self":[{"href":"https:\/\/www.lacroixvalmertourisme.com\/fr\/wp-json\/wp\/v2\/pages\/24257","targetHints":{"allow":["GET"]}}],"collection":[{"href":"https:\/\/www.lacroixvalmertourisme.com\/fr\/wp-json\/wp\/v2\/pages"}],"about":[{"href":"https:\/\/www.lacroixvalmertourisme.com\/fr\/wp-json\/wp\/v2\/types\/page"}],"author":[{"embeddable":true,"href":"https:\/\/www.lacroixvalmertourisme.com\/fr\/wp-json\/wp\/v2\/users\/4"}],"replies":[{"embeddable":true,"href":"https:\/\/www.lacroixvalmertourisme.com\/fr\/wp-json\/wp\/v2\/comments?post=24257"}],"version-history":[{"count":18,"href":"https:\/\/www.lacroixvalmertourisme.com\/fr\/wp-json\/wp\/v2\/pages\/24257\/revisions"}],"predecessor-version":[{"id":28524,"href":"https:\/\/www.lacroixvalmertourisme.com\/fr\/wp-json\/wp\/v2\/pages\/24257\/revisions\/28524"}],"wp:attachment":[{"href":"https:\/\/www.lacroixvalmertourisme.com\/fr\/wp-json\/wp\/v2\/media?parent=24257"}],"curies":[{"name":"wp","href":"https:\/\/api.w.org\/{rel}","templated":true}]}}